{"id":120,"date":"2015-12-07T12:58:24","date_gmt":"2015-12-07T11:58:24","guid":{"rendered":"http:\/\/choeur-et-passions.fr\/wordpress\/?page_id=120"},"modified":"2026-04-21T15:59:19","modified_gmt":"2026-04-21T14:59:19","slug":"concerts-passes","status":"publish","type":"page","link":"https:\/\/www.choeur-et-passions.fr\/index.php\/nos-concerts\/concerts-passes\/","title":{"rendered":"Concerts pass\u00e9s"},"content":{"rendered":"\n<h3>Depuis 2020<\/h3>\n\n<ul>\n<li><strong>samedi 13 d\u00e9cembre 2025<\/strong> : participation \u00e0 la pi\u00e8ce musicale participative de Tony Melvil <em>De nouveau les oiseaux<\/em>, \u00e0 l&rsquo;occasion de la r\u00e9ouverture de La Rose des Vents \u00e0 Villeneuve d&rsquo;Ascq.<\/li>\n<li><strong>samedi 27 septembre 2025<\/strong> : Concert en l&rsquo;\u00e9glise Saint Calixte \u00e0 Lambersart, avec la chorale Crescendo de Wattignies. Le concert a lieu au profit de l&rsquo;association Enfance et Vie. <em><a href=\"https:\/\/www.choeur-et-passions.fr\/index.php\/2025\/08\/26\/concert-enfance-et-vie-le-27-septembre-2025\/\">Plus d&rsquo;informations &#8230;<\/a><\/em><\/li>\n<li><strong>le 26 avril 2025<\/strong> Concert de printemps \u00e0 l&rsquo;\u00e9glise de la Nativit\u00e9 \u00e0 Villeneuve d&rsquo;Ascq, avec les \u00ab\u00a0Ch\u0153urs de la Plaine\u00a0\u00bb de Baisieux et l&rsquo;ensemble vocal f\u00e9minin lillois \u00ab\u00a0La Rue de Pologne\u00a0\u00bb.<em><a href=\"https:\/\/www.choeur-et-passions.fr\/index.php\/2025\/01\/25\/concert-de-printemps\/\">Plus d&rsquo;informations &#8230;<\/a><\/em><\/li>\n<li><strong>le 20 avril 2024<\/strong> concert dans les Vosges avec le Ch\u0153ur des trois Abbayes, le samedi 20 avril \u00e0 Senones. <em><a href=\"https:\/\/www.choeur-et-passions.fr\/index.php\/2024\/03\/17\/choeur-et-passions-dans-les-vosges\/\">Plus d&rsquo;informations &#8230;<\/a><\/em><\/li>\n<li><strong>le 14 avril 2024<\/strong> Concert Enchantant\norganis\u00e9 par les Ch\u0153urs de la Plaine de Baisieux.<\/li>\n<li><strong>le 10 d\u00e9cembre 2023<\/strong> Concert de No\u00ebl \u00e0 l\u2019Espace Concorde.<\/li>\n<li><strong>le 15 octobre 2023<\/strong>, Concert \u00e0 Villeneuve d\u2019Ascq, \u00e9glise de la Nativit\u00e9, avec les chorales <em>Les Ch\u0153urs r\u00e9unis<\/em> de Wattrelos et <em>Les Canteraines<\/em> d&rsquo;Emmerin.<\/li>\n<li><strong>le 4 d\u00e9cembre 2022<\/strong>, concert avec les Ch\u0153urs r\u00e9unis&nbsp;: \u00e0 l&rsquo;\u00e9glise Sainte Th\u00e9r\u00e8se de Wattrelos. <em><a href=\"http:\/\/www.choeur-et-passions.fr\/index.php\/2022\/11\/26\/concert-a-wattrelos-4-decembre-2022\/\">Plus d&rsquo;informations &#8230;<\/a><\/em><\/li>\n<li><strong>le 20 novembre 2022<\/strong>, Messe de Sainte C\u00e9cile \u00e0 St Pierre de Flers.<\/li>\n<li><strong>le 8 octobre 2022<\/strong>, concert \u00e0 la Nativit\u00e9 avec la Chorale M\u00e9lodi\u00e8se.\n<em><a href=\"http:\/\/www.choeur-et-passions.fr\/index.php\/2022\/09\/17\/programme-du-prochain-concert\/\">Plus d&rsquo;informations &#8230;<\/a><\/em>\n<\/li>\n<\/ul>\n\n<h3>2015-2019<\/h3>\n<ul>\n<li><strong>le 1er d\u00e9cembre 2019<\/strong>, concert de No\u00ebl \u00e0 l&rsquo;espace Concorde, avec 6 autres chorales de Villeneuve d&rsquo;Ascq.<\/li>\n<li>\n<strong>le 18 mai 2019<\/strong>, avec\nla chorale M\u00e9lo&rsquo;di\u00e8se de Villeneuve d&rsquo;Ascq.\n<em><a href=\"http:\/\/www.choeur-et-passions.fr\/index.php\/2019\/03\/30\/concert-de-printemps-2019\/\">Plus d&rsquo;informations &#8230;<\/a><\/em>\n<\/li>\n<li>\n<strong>le 2 d\u00e9cembre 2018<\/strong>, concert de No\u00ebl \u00e0 l\u2019Espace Concorde, avec d&rsquo;autres chorales villeneuvoises et le Villeneuve Jazz Big Band.<em><a href=\"http:\/\/www.choeur-et-passions.fr\/index.php\/2018\/11\/19\/concert-de-noel-telethon\/\">Plus d&rsquo;informations &#8230;<\/a><\/em>\n<\/li>\n<li>\n<strong>le 18 novembre 2018<\/strong>, \u00e0 l\u2019\u00e9glise Notre Dame de la Nativit\u00e9 de Villeneuve d&rsquo;Ascq. \n<em><a href=\"http:\/\/www.choeur-et-passions.fr\/index.php\/2018\/11\/09\/messe-de-sainte-cecile-2018\/\">Plus d&rsquo;informations &#8230;<\/a><\/em>\n<\/li>\n<li><strong>2 juin 2018<\/strong>, concert de printemps \u00e0 l&rsquo;\u00e9glise Notre Dame de la Nativit\u00e9 de Villeneuve d&rsquo;Ascq, avec pour invit\u00e9s les choristes du Choeur des trois abbayes, choeur d&rsquo;hommes de Senones dans les Vosges, dirig\u00e9 par Emilie Meistersheim. <em><a href=\"http:\/\/www.choeur-et-passions.fr\/index.php\/2018\/04\/10\/concert-du-2-juin-2018\/\">Plus d&rsquo;informations &#8230;<\/a><\/em><\/li>\n<li><strong>17 d\u00e9cembre 2017<\/strong>, concert de No\u00ebl organis\u00e9 par la municipalit\u00e9 et l&rsquo;office de tourisme de Villeneuve d&rsquo;Ascq, avec le Villeneuve Jazz Big Band et les chorales villeneuvoises. <em><a href=\"http:\/\/www.choeur-et-passions.fr\/index.php\/2017\/12\/07\/concert-de-noel-le-17-decembre-2017\/\">Plus d&rsquo;informations &#8230;<\/a><\/em><\/li>\n<li><strong>3 d\u00e9cembre 2017<\/strong>, concert \u00e0 Saint Maclou, Wattrelos, avec les Choeurs de Fl\u00fbtes de la Lys et les Choeurs r\u00e9unis de Wattrelos. <em><a href=\"http:\/\/www.choeur-et-passions.fr\/index.php\/2017\/11\/19\/concert-du-3-decembre-2017\/\">Plus d&rsquo;informations &#8230;<\/a><\/em><\/li>\n<li><strong>18 novembre 2017<\/strong> : Concert \u00e0 Saint Piat, Roncq, invit\u00e9s par la chorale de l&rsquo;\u00e9cole de musique de Roncq. <em><a href=\"http:\/\/www.choeur-et-passions.fr\/index.php\/2017\/11\/04\/concert-du-18-novembre-2017\/\">Plus d&rsquo;informations &#8230;<\/a><\/em><\/li>\n<li><strong>20 mai 2017<\/strong> : Concert \u00e0 Notre Dame de la Nativit\u00e9 (Villeneuve d&rsquo;Ascq), avec les Choeurs de fl\u00fbtes de la Lys.&nbsp;<em><a href=\"http:\/\/www.choeur-et-passions.fr\/index.php\/concert-du-20-mai-2017\/\">Plus d&rsquo;informations &#8230;<\/a><\/em><\/li>\n<li><b>8 octobre 2016 :<\/b> Concert \u00e0 l&rsquo;EPHAD du Moulin d\u2019Ascq. <em><a href=\"http:\/\/www.choeur-et-passions.fr\/index.php\/2016\/11\/10\/concert-a-lehpad-du-moulin-dascq-samedi-8-octobre-2016\/\">Plus d&rsquo;informations&#8230;<\/a><\/em><\/li>\n<li><b>16 avril 2016 :<\/b> Concert \u00e0 Senones (Vosges). <em><a href=\"http:\/\/www.choeur-et-passions.fr\/index.php\/nos-concerts\/concerts-passes\/16-avril-2016-concert-a-senones-vosges\/\">Plus d&rsquo;informations&#8230;<\/a><\/em><\/li>\n<li><b>20 juin 2015 :<\/b> F\u00eate de la musique en l\u2019\u00e9glise de Saint S\u00e9bastien \u00e0 Villeneuve d\u2019Ascq organis\u00e9e par Ch\u0153ur et Passions.<\/li>\n<\/ul>\n<h3>2010-2014<\/h3>\n<ul>\n<li><b>22 novembre 2014 :<\/b> Concert de Sainte C\u00e9cile avec la chorale de l&rsquo;\u00e9cole de musique de Roncq.<\/li>\n<li><b>17 mai 2014 :<\/b> Participation avec la tenue d\u2019un stand \u00e0 la foire aux Associations de Villeneuve d\u2019Ascq.<\/li>\n<li><b>9 Septembre 2013 :<\/b> Concert de printemps avec la chorale du Mont d&rsquo;Halluin<\/li>\n<li><b>21 Juin 2013 :<\/b> F\u00eate de la Musique ( rassemblement de plusieurs Chorales ) en l\u2019Eglise de Saint Pierre d\u2019Ascq \u00e0 Villeneuve d\u2019Ascq organis\u00e9e par Ch\u0153ur et Passions. Avec le soutien de la Mairie de Villeneuve d\u2019Ascq<\/li>\n<li><b>01 Juin 2013 :<\/b> Concert de Printemps de Ch\u0153ur et Passions en collaboration avec l\u2019ensemble \u00e0 cordes Chti Cambristi du Nord Pas de Calais \u00e0 l\u2019\u00e9glise de la Nativit\u00e9 de Villeneuve d\u2019Ascq.<\/li>\n<li><b>11 Mai 2013 :<\/b> R\u00e9ception de la Chorale de Leverkusen les Jolly Jabbers Singers lors de leur d\u00e9placement pour la semaine de l\u2019Europe \u00e0 Villeneuve d\u2019Ascq \u00e0 la maison des Gen\u00eats.<\/li>\n<li><b>16 D\u00e9cembre 2012 :<\/b> Participation au Concert de No\u00ebl organis\u00e9 par la municipalit\u00e9 de Villeneuve d\u2019Ascq.<\/li>\n<li><b>01 D\u00e9cembre 2012 :<\/b> Concert de Sainte C\u00e9cile. Ch\u0153ur et Passions re\u00e7oit la chorale Variations de Lambersart dirig\u00e9e par Francis Rappart \u00e0 l\u2019\u00e9glise de la Nativit\u00e9 de Villeneuve d\u2019Ascq<\/li>\n<li><b>17 Novembre 2012 :<\/b> Concert pour les A\u00een\u00e9s de l\u2019E.H.P.A.D. du Moulin d\u2019Ascq \u00e0 Villeneuve d\u2019Ascq.<\/li>\n<li><b>20 Octobre 2012&nbsp;:<\/b> Concert \u00e0 Halluin. Ch\u0153ur et Passions invit\u00e9e par la Chorale du Mont dirig\u00e9e par Franck De Bakker<\/li>\n<\/ul>\n","protected":false},"excerpt":{"rendered":"<p>Depuis 2020 samedi 13 d\u00e9cembre 2025 : participation \u00e0 la pi\u00e8ce musicale participative de Tony Melvil De nouveau les oiseaux, \u00e0 l&rsquo;occasion de la r\u00e9ouverture de La Rose des Vents \u00e0 Villeneuve d&rsquo;Ascq. samedi 27 septembre 2025 : Concert en l&rsquo;\u00e9glise Saint Calixte \u00e0 Lambersart, avec la chorale Crescendo de Wattignies. Le concert a lieu [&hellip;]<\/p>\n","protected":false},"author":1,"featured_media":1696,"parent":75,"menu_order":0,"comment_status":"closed","ping_status":"closed","template":"","meta":{"ngg_post_thumbnail":0,"footnotes":""},"class_list":["post-120","page","type-page","status-publish","has-post-thumbnail","hentry"],"yoast_head":"<!-- This site is optimized with the Yoast SEO plugin v27.4 - https:\/\/yoast.com\/product\/yoast-seo-wordpress\/ -->\n<title>Concerts pass\u00e9s - Choeur &amp; Passions<\/title>\n<meta name=\"description\" content=\"Concerts pass\u00e9s de la chorale Ch\u0153ur et Passions\" \/>\n<meta name=\"robots\" content=\"index, follow, max-snippet:-1, max-image-preview:large, max-video-preview:-1\" \/>\n<link rel=\"canonical\" href=\"https:\/\/www.choeur-et-passions.fr\/index.php\/nos-concerts\/concerts-passes\/\" \/>\n<meta property=\"og:locale\" content=\"fr_FR\" \/>\n<meta property=\"og:type\" content=\"article\" \/>\n<meta property=\"og:title\" content=\"Concerts pass\u00e9s - Choeur &amp; Passions\" \/>\n<meta property=\"og:description\" content=\"Concerts pass\u00e9s de la chorale Ch\u0153ur et Passions\" \/>\n<meta property=\"og:url\" content=\"https:\/\/www.choeur-et-passions.fr\/index.php\/nos-concerts\/concerts-passes\/\" \/>\n<meta property=\"og:site_name\" content=\"Choeur &amp; Passions\" \/>\n<meta property=\"article:modified_time\" content=\"2026-04-21T14:59:19+00:00\" \/>\n<meta property=\"og:image\" content=\"https:\/\/www.choeur-et-passions.fr\/wp-content\/uploads\/2015\/12\/photo2018.jpg\" \/>\n\t<meta property=\"og:image:width\" content=\"1000\" \/>\n\t<meta property=\"og:image:height\" content=\"300\" \/>\n\t<meta property=\"og:image:type\" content=\"image\/jpeg\" \/>\n<meta name=\"twitter:card\" content=\"summary_large_image\" \/>\n<meta name=\"twitter:label1\" content=\"Dur\u00e9e de lecture estim\u00e9e\" \/>\n\t<meta name=\"twitter:data1\" content=\"4 minutes\" \/>\n<script type=\"application\/ld+json\" class=\"yoast-schema-graph\">{\"@context\":\"https:\\\/\\\/schema.org\",\"@graph\":[{\"@type\":\"WebPage\",\"@id\":\"https:\\\/\\\/www.choeur-et-passions.fr\\\/index.php\\\/nos-concerts\\\/concerts-passes\\\/\",\"url\":\"https:\\\/\\\/www.choeur-et-passions.fr\\\/index.php\\\/nos-concerts\\\/concerts-passes\\\/\",\"name\":\"Concerts pass\u00e9s - Choeur &amp; Passions\",\"isPartOf\":{\"@id\":\"https:\\\/\\\/www.choeur-et-passions.fr\\\/#website\"},\"primaryImageOfPage\":{\"@id\":\"https:\\\/\\\/www.choeur-et-passions.fr\\\/index.php\\\/nos-concerts\\\/concerts-passes\\\/#primaryimage\"},\"image\":{\"@id\":\"https:\\\/\\\/www.choeur-et-passions.fr\\\/index.php\\\/nos-concerts\\\/concerts-passes\\\/#primaryimage\"},\"thumbnailUrl\":\"https:\\\/\\\/www.choeur-et-passions.fr\\\/wp-content\\\/uploads\\\/2015\\\/12\\\/photo2018.jpg\",\"datePublished\":\"2015-12-07T11:58:24+00:00\",\"dateModified\":\"2026-04-21T14:59:19+00:00\",\"description\":\"Concerts pass\u00e9s de la chorale Ch\u0153ur et Passions\",\"breadcrumb\":{\"@id\":\"https:\\\/\\\/www.choeur-et-passions.fr\\\/index.php\\\/nos-concerts\\\/concerts-passes\\\/#breadcrumb\"},\"inLanguage\":\"fr-FR\",\"potentialAction\":[{\"@type\":\"ReadAction\",\"target\":[\"https:\\\/\\\/www.choeur-et-passions.fr\\\/index.php\\\/nos-concerts\\\/concerts-passes\\\/\"]}]},{\"@type\":\"ImageObject\",\"inLanguage\":\"fr-FR\",\"@id\":\"https:\\\/\\\/www.choeur-et-passions.fr\\\/index.php\\\/nos-concerts\\\/concerts-passes\\\/#primaryimage\",\"url\":\"https:\\\/\\\/www.choeur-et-passions.fr\\\/wp-content\\\/uploads\\\/2015\\\/12\\\/photo2018.jpg\",\"contentUrl\":\"https:\\\/\\\/www.choeur-et-passions.fr\\\/wp-content\\\/uploads\\\/2015\\\/12\\\/photo2018.jpg\",\"width\":1000,\"height\":300},{\"@type\":\"BreadcrumbList\",\"@id\":\"https:\\\/\\\/www.choeur-et-passions.fr\\\/index.php\\\/nos-concerts\\\/concerts-passes\\\/#breadcrumb\",\"itemListElement\":[{\"@type\":\"ListItem\",\"position\":1,\"name\":\"Accueil\",\"item\":\"https:\\\/\\\/www.choeur-et-passions.fr\\\/\"},{\"@type\":\"ListItem\",\"position\":2,\"name\":\"Nos Concerts\",\"item\":\"https:\\\/\\\/www.choeur-et-passions.fr\\\/index.php\\\/nos-concerts\\\/\"},{\"@type\":\"ListItem\",\"position\":3,\"name\":\"Concerts pass\u00e9s\"}]},{\"@type\":\"WebSite\",\"@id\":\"https:\\\/\\\/www.choeur-et-passions.fr\\\/#website\",\"url\":\"https:\\\/\\\/www.choeur-et-passions.fr\\\/\",\"name\":\"Choeur & Passions\",\"description\":\"\",\"publisher\":{\"@id\":\"https:\\\/\\\/www.choeur-et-passions.fr\\\/#organization\"},\"potentialAction\":[{\"@type\":\"SearchAction\",\"target\":{\"@type\":\"EntryPoint\",\"urlTemplate\":\"https:\\\/\\\/www.choeur-et-passions.fr\\\/?s={search_term_string}\"},\"query-input\":{\"@type\":\"PropertyValueSpecification\",\"valueRequired\":true,\"valueName\":\"search_term_string\"}}],\"inLanguage\":\"fr-FR\"},{\"@type\":\"Organization\",\"@id\":\"https:\\\/\\\/www.choeur-et-passions.fr\\\/#organization\",\"name\":\"Choeur & Passions\",\"url\":\"https:\\\/\\\/www.choeur-et-passions.fr\\\/\",\"logo\":{\"@type\":\"ImageObject\",\"inLanguage\":\"fr-FR\",\"@id\":\"https:\\\/\\\/www.choeur-et-passions.fr\\\/#\\\/schema\\\/logo\\\/image\\\/\",\"url\":\"https:\\\/\\\/www.choeur-et-passions.fr\\\/wp-content\\\/uploads\\\/2024\\\/04\\\/logo-cep.gif\",\"contentUrl\":\"https:\\\/\\\/www.choeur-et-passions.fr\\\/wp-content\\\/uploads\\\/2024\\\/04\\\/logo-cep.gif\",\"width\":1970,\"height\":500,\"caption\":\"Choeur & Passions\"},\"image\":{\"@id\":\"https:\\\/\\\/www.choeur-et-passions.fr\\\/#\\\/schema\\\/logo\\\/image\\\/\"}}]}<\/script>\n<!-- \/ Yoast SEO plugin. -->","yoast_head_json":{"title":"Concerts pass\u00e9s - Choeur &amp; Passions","description":"Concerts pass\u00e9s de la chorale Ch\u0153ur et Passions","robots":{"index":"index","follow":"follow","max-snippet":"max-snippet:-1","max-image-preview":"max-image-preview:large","max-video-preview":"max-video-preview:-1"},"canonical":"https:\/\/www.choeur-et-passions.fr\/index.php\/nos-concerts\/concerts-passes\/","og_locale":"fr_FR","og_type":"article","og_title":"Concerts pass\u00e9s - Choeur &amp; Passions","og_description":"Concerts pass\u00e9s de la chorale Ch\u0153ur et Passions","og_url":"https:\/\/www.choeur-et-passions.fr\/index.php\/nos-concerts\/concerts-passes\/","og_site_name":"Choeur &amp; Passions","article_modified_time":"2026-04-21T14:59:19+00:00","og_image":[{"width":1000,"height":300,"url":"https:\/\/www.choeur-et-passions.fr\/wp-content\/uploads\/2015\/12\/photo2018.jpg","type":"image\/jpeg"}],"twitter_card":"summary_large_image","twitter_misc":{"Dur\u00e9e de lecture estim\u00e9e":"4 minutes"},"schema":{"@context":"https:\/\/schema.org","@graph":[{"@type":"WebPage","@id":"https:\/\/www.choeur-et-passions.fr\/index.php\/nos-concerts\/concerts-passes\/","url":"https:\/\/www.choeur-et-passions.fr\/index.php\/nos-concerts\/concerts-passes\/","name":"Concerts pass\u00e9s - Choeur &amp; Passions","isPartOf":{"@id":"https:\/\/www.choeur-et-passions.fr\/#website"},"primaryImageOfPage":{"@id":"https:\/\/www.choeur-et-passions.fr\/index.php\/nos-concerts\/concerts-passes\/#primaryimage"},"image":{"@id":"https:\/\/www.choeur-et-passions.fr\/index.php\/nos-concerts\/concerts-passes\/#primaryimage"},"thumbnailUrl":"https:\/\/www.choeur-et-passions.fr\/wp-content\/uploads\/2015\/12\/photo2018.jpg","datePublished":"2015-12-07T11:58:24+00:00","dateModified":"2026-04-21T14:59:19+00:00","description":"Concerts pass\u00e9s de la chorale Ch\u0153ur et Passions","breadcrumb":{"@id":"https:\/\/www.choeur-et-passions.fr\/index.php\/nos-concerts\/concerts-passes\/#breadcrumb"},"inLanguage":"fr-FR","potentialAction":[{"@type":"ReadAction","target":["https:\/\/www.choeur-et-passions.fr\/index.php\/nos-concerts\/concerts-passes\/"]}]},{"@type":"ImageObject","inLanguage":"fr-FR","@id":"https:\/\/www.choeur-et-passions.fr\/index.php\/nos-concerts\/concerts-passes\/#primaryimage","url":"https:\/\/www.choeur-et-passions.fr\/wp-content\/uploads\/2015\/12\/photo2018.jpg","contentUrl":"https:\/\/www.choeur-et-passions.fr\/wp-content\/uploads\/2015\/12\/photo2018.jpg","width":1000,"height":300},{"@type":"BreadcrumbList","@id":"https:\/\/www.choeur-et-passions.fr\/index.php\/nos-concerts\/concerts-passes\/#breadcrumb","itemListElement":[{"@type":"ListItem","position":1,"name":"Accueil","item":"https:\/\/www.choeur-et-passions.fr\/"},{"@type":"ListItem","position":2,"name":"Nos Concerts","item":"https:\/\/www.choeur-et-passions.fr\/index.php\/nos-concerts\/"},{"@type":"ListItem","position":3,"name":"Concerts pass\u00e9s"}]},{"@type":"WebSite","@id":"https:\/\/www.choeur-et-passions.fr\/#website","url":"https:\/\/www.choeur-et-passions.fr\/","name":"Choeur & Passions","description":"","publisher":{"@id":"https:\/\/www.choeur-et-passions.fr\/#organization"},"potentialAction":[{"@type":"SearchAction","target":{"@type":"EntryPoint","urlTemplate":"https:\/\/www.choeur-et-passions.fr\/?s={search_term_string}"},"query-input":{"@type":"PropertyValueSpecification","valueRequired":true,"valueName":"search_term_string"}}],"inLanguage":"fr-FR"},{"@type":"Organization","@id":"https:\/\/www.choeur-et-passions.fr\/#organization","name":"Choeur & Passions","url":"https:\/\/www.choeur-et-passions.fr\/","logo":{"@type":"ImageObject","inLanguage":"fr-FR","@id":"https:\/\/www.choeur-et-passions.fr\/#\/schema\/logo\/image\/","url":"https:\/\/www.choeur-et-passions.fr\/wp-content\/uploads\/2024\/04\/logo-cep.gif","contentUrl":"https:\/\/www.choeur-et-passions.fr\/wp-content\/uploads\/2024\/04\/logo-cep.gif","width":1970,"height":500,"caption":"Choeur & Passions"},"image":{"@id":"https:\/\/www.choeur-et-passions.fr\/#\/schema\/logo\/image\/"}}]}},"_links":{"self":[{"href":"https:\/\/www.choeur-et-passions.fr\/index.php\/wp-json\/wp\/v2\/pages\/120","targetHints":{"allow":["GET"]}}],"collection":[{"href":"https:\/\/www.choeur-et-passions.fr\/index.php\/wp-json\/wp\/v2\/pages"}],"about":[{"href":"https:\/\/www.choeur-et-passions.fr\/index.php\/wp-json\/wp\/v2\/types\/page"}],"author":[{"embeddable":true,"href":"https:\/\/www.choeur-et-passions.fr\/index.php\/wp-json\/wp\/v2\/users\/1"}],"replies":[{"embeddable":true,"href":"https:\/\/www.choeur-et-passions.fr\/index.php\/wp-json\/wp\/v2\/comments?post=120"}],"version-history":[{"count":42,"href":"https:\/\/www.choeur-et-passions.fr\/index.php\/wp-json\/wp\/v2\/pages\/120\/revisions"}],"predecessor-version":[{"id":4423,"href":"https:\/\/www.choeur-et-passions.fr\/index.php\/wp-json\/wp\/v2\/pages\/120\/revisions\/4423"}],"up":[{"embeddable":true,"href":"https:\/\/www.choeur-et-passions.fr\/index.php\/wp-json\/wp\/v2\/pages\/75"}],"wp:featuredmedia":[{"embeddable":true,"href":"https:\/\/www.choeur-et-passions.fr\/index.php\/wp-json\/wp\/v2\/media\/1696"}],"wp:attachment":[{"href":"https:\/\/www.choeur-et-passions.fr\/index.php\/wp-json\/wp\/v2\/media?parent=120"}],"curies":[{"name":"wp","href":"https:\/\/api.w.org\/{rel}","templated":true}]}}