{"id":3053,"date":"2022-05-19T20:55:05","date_gmt":"2022-05-19T19:55:05","guid":{"rendered":"http:\/\/www.choeur-et-passions.fr\/?page_id=3053"},"modified":"2024-08-29T17:31:45","modified_gmt":"2024-08-29T16:31:45","slug":"chants-de-messe","status":"publish","type":"page","link":"https:\/\/www.choeur-et-passions.fr\/index.php\/chants-de-messe\/","title":{"rendered":"Chants de Messe"},"content":{"rendered":"<h3>Messe de Sainte C\u00e9cile &#8211; 20 novembre 2022<\/h3>\n<p><a class=\"nouveau\" href=\"http:\/\/www.choeur-et-passions.fr\/wp-content\/uploads\/2022\/11\/Messe_Christ_Roi_20221120.pdf\">Le programme au format PDF (mis \u00e0 jour le 8 novembre)<\/a><\/p>\n<p>Pistes :<\/p>\n<ul class=\"programme\">\n<li><a href=\"#fptj\">Fais para\u00eetre ton jour<\/a><\/li>\n<li><a href=\"#messe-dpd-dieu\">Messe du peuple de Dieu<\/a><\/li>\n<li><a href=\"#seigneurroi\">Le Seigneur est Roi<\/a><\/li>\n<li><a href=\"#alleluiaboyce\">Alleluia de Boyce<\/a><\/li>\n<li><a href=\"#toiquiaimes\">Toi qui aimes<\/a><\/li>\n<li><a href=\"#cherubin\">L\u2019hymne des Ch\u00e9rubins<\/a><\/li>\n<li><a href=\"#chercher\">Chercher avec toi, Marie<\/a><\/li>\n<li><a href=\"#jubilez\">Jubilez, criez de joie<\/a><\/li>\n<\/ul>\n<hr>\n<h3 id=\"cherubin\">Hymne des ch\u00e9rubins<\/h3>\n<table class=\"pistes\">\n<thead>\n<tr>\n<td>mp3<\/td>\n<td>version<\/td>\n<\/tr>\n<\/thead>\n<tbody>\n<tr>\n<td><a href=\"http:\/\/www.choeur-et-passions.fr\/wp-content\/uploads\/2021\/01\/Hymne-des-cherubins-M.mp3\">sopranes-mp3<\/a><\/td>\n<td>31 janvier 2021<\/td>\n<\/tr>\n<tr>\n<td><a href=\"http:\/\/www.choeur-et-passions.fr\/wp-content\/uploads\/2021\/01\/Hymne-des-cherubins-A.mp3\">alti-mp3<\/a><\/td>\n<td>31 janvier 2021<\/td>\n<\/tr>\n<tr>\n<td><a href=\"http:\/\/www.choeur-et-passions.fr\/wp-content\/uploads\/2021\/01\/Hymne-des-cherubins-B.mp3\">hommes-mp3<\/a><\/td>\n<td>31 janvier 2021<\/td>\n<\/tr>\n<tr>\n<td><a href=\"http:\/\/www.choeur-et-passions.fr\/wp-content\/uploads\/2021\/01\/Hymne-des-cherubins-Tutti.mp3\">tutti-mp3<\/a><\/td>\n<td>31 janvier 2021<\/td>\n<\/tr>\n<\/tbody>\n<\/table>\n<hr>\n<h3 id=\"seigneurroi\">Le Seigneur est roi<\/h3>\n<p><a class=\"programme\" href=\"http:\/\/www.choeur-et-passions.fr\/wp-content\/uploads\/2022\/10\/Le-Seigneur-est-Roi.pdf\">Partition au format PDF<\/a><\/p>\n<table class=\"pistes\">\n<thead>\n<tr>\n<td>midi<\/td>\n<td>mp3<\/td>\n<td>version<\/td>\n<\/tr>\n<\/thead>\n<tbody>\n<tr>\n<td><a href=\"http:\/\/www.choeur-et-passions.fr\/wp-content\/uploads\/2022\/11\/le_seigneur_est_roi-1.midi\">sopranes-midi <\/a><\/td>\n<td><a href=\"http:\/\/www.choeur-et-passions.fr\/wp-content\/uploads\/2022\/11\/le_seigneur_est_roi-1.mp3\">sopranes-mp3<\/a><\/td>\n<td>6 novembre 2022<\/td>\n<\/tr>\n<tr>\n<td><a href=\"http:\/\/www.choeur-et-passions.fr\/wp-content\/uploads\/2022\/11\/le_seigneur_est_roi-2.midi\">alti-midi <\/a><\/td>\n<td><a href=\"http:\/\/www.choeur-et-passions.fr\/wp-content\/uploads\/2022\/11\/le_seigneur_est_roi-2.mp3\">alti-mp3<\/a><\/td>\n<td>6 novembre 2022<\/td>\n<\/tr>\n<tr>\n<td><a href=\"http:\/\/www.choeur-et-passions.fr\/wp-content\/uploads\/2022\/11\/le_seigneur_est_roi-3.midi\">tenors-midi <\/a><\/td>\n<td><a href=\"http:\/\/www.choeur-et-passions.fr\/wp-content\/uploads\/2022\/11\/le_seigneur_est_roi-3.mp3\">tenors-mp3<\/a><\/td>\n<td>6 novembre 2022<\/td>\n<\/tr>\n<tr>\n<td><a href=\"http:\/\/www.choeur-et-passions.fr\/wp-content\/uploads\/2022\/11\/le_seigneur_est_roi-4.midi\">basses-midi <\/a><\/td>\n<td><a href=\"http:\/\/www.choeur-et-passions.fr\/wp-content\/uploads\/2022\/11\/le_seigneur_est_roi-4.mp3\">basses-mp3<\/a><\/td>\n<td>6 novembre 2022<\/td>\n<\/tr>\n<tr>\n<td><a href=\"http:\/\/www.choeur-et-passions.fr\/wp-content\/uploads\/2022\/11\/le_seigneur_est_roi.midi\">tutti-midi <\/a><\/td>\n<td><a href=\"http:\/\/www.choeur-et-passions.fr\/wp-content\/uploads\/2022\/11\/le_seigneur_est_roi.mp3\">tutti-mp3<\/a><\/td>\n<td>6 novembre 2022<\/td>\n<\/tr>\n<\/tbody>\n<\/table>\n<hr>\n<h3 id=\"toiquiaimes\">Toi qui aimes<\/h3>\n<p><a class=\"programme\" href=\"http:\/\/www.choeur-et-passions.fr\/wp-content\/uploads\/2022\/10\/toi-qui-aimes-ceux-qui-saiment_000033.pdf\">Partition au format PDF<\/a><\/p>\n<table class=\"pistes\">\n<thead>\n<tr>\n<td>midi<\/td>\n<td>mp3<\/td>\n<td>version<\/td>\n<\/tr>\n<\/thead>\n<tbody>\n<tr>\n<td><a href=\"http:\/\/www.choeur-et-passions.fr\/wp-content\/uploads\/2022\/11\/toi_qui_aimes-1.midi\">sopranes-midi <\/a><\/td>\n<td><a href=\"http:\/\/www.choeur-et-passions.fr\/wp-content\/uploads\/2022\/11\/toi_qui_aimes-1.mp3\">sopranes-mp3<\/a><\/td>\n<td>4 novembre 2022<\/td>\n<\/tr>\n<tr>\n<td><a href=\"http:\/\/www.choeur-et-passions.fr\/wp-content\/uploads\/2022\/11\/toi_qui_aimes-2.midi\">alti-midi <\/a><\/td>\n<td><a href=\"http:\/\/www.choeur-et-passions.fr\/wp-content\/uploads\/2022\/11\/toi_qui_aimes-2.mp3\">alti-mp3<\/a><\/td>\n<td>4 novembre 2022<\/td>\n<\/tr>\n<tr>\n<td><a href=\"http:\/\/www.choeur-et-passions.fr\/wp-content\/uploads\/2022\/11\/toi_qui_aimes-3.midi\">tenors-midi <\/a><\/td>\n<td><a href=\"http:\/\/www.choeur-et-passions.fr\/wp-content\/uploads\/2022\/11\/toi_qui_aimes-3.mp3\">tenors-mp3<\/a><\/td>\n<td>4 novembre 2022<\/td>\n<\/tr>\n<tr>\n<td><a href=\"http:\/\/www.choeur-et-passions.fr\/wp-content\/uploads\/2022\/11\/toi_qui_aimes-4.midi\">basses-midi <\/a><\/td>\n<td><a href=\"http:\/\/www.choeur-et-passions.fr\/wp-content\/uploads\/2022\/11\/toi_qui_aimes-4.mp3\">basses-mp3<\/a><\/td>\n<td>4 novembre 2022<\/td>\n<\/tr>\n<tr>\n<td><a href=\"http:\/\/www.choeur-et-passions.fr\/wp-content\/uploads\/2022\/11\/toi_qui_aimes.midi\">tutti-midi <\/a><\/td>\n<td><a href=\"http:\/\/www.choeur-et-passions.fr\/wp-content\/uploads\/2022\/11\/toi_qui_aimes.mp3\">tutti-mp3<\/a><\/td>\n<td>4 novembre 2022<\/td>\n<\/tr>\n<\/tbody>\n<\/table>\n<hr>\n<h3 id=\"jubilez\">Jubilez &#8211; criez de joie<\/h3>\n<p><a class=\"programme\" href=\"http:\/\/www.choeur-et-passions.fr\/wp-content\/uploads\/2022\/10\/jubilez.pdf\">Partition au format PDF<\/a><\/p>\n<table class=\"pistes\">\n<thead>\n<tr>\n<td>midi<\/td>\n<td>mp3<\/td>\n<td>version<\/td>\n<\/tr>\n<\/thead>\n<tbody>\n<tr>\n<td><a href=\"http:\/\/www.choeur-et-passions.fr\/wp-content\/uploads\/2021\/01\/Jubilez_S.mid\">sopranes-midi <\/a><\/td>\n<td><a href=\"http:\/\/www.choeur-et-passions.fr\/wp-content\/uploads\/2021\/01\/Jubilez_S.mp3\">sopranes-mp3<\/a><\/td>\n<td>31 janvier 2021<\/td>\n<\/tr>\n<tr>\n<td><a href=\"http:\/\/www.choeur-et-passions.fr\/wp-content\/uploads\/2022\/11\/Jubilez_A.mid\">alti-midi <\/a><\/td>\n<td><a href=\"http:\/\/www.choeur-et-passions.fr\/wp-content\/uploads\/2022\/11\/Jubilez_A.mp3\">alti-mp3<\/a><\/td>\n<td>6 novembre 2022<\/td>\n<\/tr>\n<tr>\n<td><a href=\"http:\/\/www.choeur-et-passions.fr\/wp-content\/uploads\/2021\/01\/Jubilez_T.mid\">tenors-midi <\/a><\/td>\n<td><a href=\"http:\/\/www.choeur-et-passions.fr\/wp-content\/uploads\/2021\/01\/Jubilez_T.mp3\">tenors-mp3<\/a><\/td>\n<td>31 janvier 2021<\/td>\n<\/tr>\n<tr>\n<td><a href=\"http:\/\/www.choeur-et-passions.fr\/wp-content\/uploads\/2021\/01\/Jubilez_B.mid\">basses-midi <\/a><\/td>\n<td><a href=\"http:\/\/www.choeur-et-passions.fr\/wp-content\/uploads\/2021\/01\/Jubilez_B.mp3\">basses-mp3<\/a><\/td>\n<td>31 janvier 2021<\/td>\n<\/tr>\n<tr>\n<td><a href=\"http:\/\/www.choeur-et-passions.fr\/wp-content\/uploads\/2022\/11\/Jubilez_Tutti.mid\">tutti-midi <\/a><\/td>\n<td><a href=\"http:\/\/www.choeur-et-passions.fr\/wp-content\/uploads\/2022\/11\/Jubilez_Tutti.mp3\">tutti-mp3<\/a><\/td>\n<td>6 novembre 2022<\/td>\n<\/tr>\n<\/tbody>\n<\/table>\n<hr>\n<h3 id=\"fptj\">Fais para\u00eetre ton jour<\/h3>\n<table class=\"pistes\">\n<thead>\n<tr>\n<td>midi<\/td>\n<td>mp3<\/td>\n<td>version<\/td>\n<\/tr>\n<\/thead>\n<tbody>\n<tr>\n<td><a href=\"http:\/\/www.choeur-et-passions.fr\/wp-content\/uploads\/2022\/11\/fais_paraitre_ton_jour-1.midi\">sopranes-midi <\/a><\/td>\n<td><a href=\"http:\/\/www.choeur-et-passions.fr\/wp-content\/uploads\/2022\/11\/fais_paraitre_ton_jour-1.mp3\">sopranes-mp3<\/a><\/td>\n<td>10 novembre 2022<\/td>\n<\/tr>\n<tr>\n<td><a href=\"http:\/\/www.choeur-et-passions.fr\/wp-content\/uploads\/2022\/11\/fais_paraitre_ton_jour-2.midi\">alti-midi <\/a><\/td>\n<td><a href=\"http:\/\/www.choeur-et-passions.fr\/wp-content\/uploads\/2022\/11\/fais_paraitre_ton_jour-2.mp3\">alti-mp3<\/a><\/td>\n<td>10 novembre 2022<\/td>\n<\/tr>\n<tr>\n<td><a href=\"http:\/\/www.choeur-et-passions.fr\/wp-content\/uploads\/2022\/11\/fais_paraitre_ton_jour-3.midi\">tenors-midi <\/a><\/td>\n<td><a href=\"http:\/\/www.choeur-et-passions.fr\/wp-content\/uploads\/2022\/11\/fais_paraitre_ton_jour-3.mp3\">tenors-mp3<\/a><\/td>\n<td>10 novembre 2022<\/td>\n<\/tr>\n<tr>\n<td><a href=\"http:\/\/www.choeur-et-passions.fr\/wp-content\/uploads\/2022\/11\/fais_paraitre_ton_jour-4.midi\">basses-midi <\/a><\/td>\n<td><a href=\"http:\/\/www.choeur-et-passions.fr\/wp-content\/uploads\/2022\/11\/fais_paraitre_ton_jour-4.mp3\">basses-mp3<\/a><\/td>\n<td>10 novembre 2022<\/td>\n<\/tr>\n<tr>\n<td><a href=\"http:\/\/www.choeur-et-passions.fr\/wp-content\/uploads\/2022\/11\/fais_paraitre_ton_jour.midi\">tutti-midi <\/a><\/td>\n<td><a href=\"http:\/\/www.choeur-et-passions.fr\/wp-content\/uploads\/2022\/11\/fais_paraitre_ton_jour.mp3\">tutti-mp3<\/a><\/td>\n<td>10 novembre 2022<\/td>\n<\/tr>\n<\/tbody>\n<\/table>\n<hr>\n<h4 id=\"rassemblement\">Rassemblement<\/h4>\n<p><a class=\"programme\" href=\"http:\/\/www.choeur-et-passions.fr\/wp-content\/uploads\/2022\/05\/rassemblement.pdf\">Partition au format PDF<\/a><\/p>\n<hr>\n<h4 id=\"souffle\">Souffle Impr\u00e9visible<\/h4>\n<p><a class=\"programme\" href=\"http:\/\/www.choeur-et-passions.fr\/wp-content\/uploads\/2022\/06\/SOUFFLE_IMPREVISIBLE.pdf\">Partition au format PDF<\/a><\/p>\n<hr>\n<h4 id=\"esecj\">O Seigneur en ce jour (pri\u00e8re universelle)<\/h4>\n<p><a class=\"programme\" href=\"http:\/\/www.choeur-et-passions.fr\/wp-content\/uploads\/2022\/05\/O_SEIGNEUR_EN_CE_JOUR.pdf\">Partition au format PDF<\/a><\/p>\n<hr>\n<h4 id=\"formidable\">Qu&rsquo;il est formidable d&rsquo;aimer<\/h4>\n<p><a class=\"programme\" href=\"http:\/\/www.choeur-et-passions.fr\/wp-content\/uploads\/2022\/05\/qu_il_est_formidable_d_aimer.pdf\">Partition au format PDF<\/a><\/p>\n<hr>\n<h4 id=\"vcss\">Voici le Corps et le Sang du Seigneur<\/h4>\n<p><a class=\"programme\" href=\"http:\/\/www.choeur-et-passions.fr\/wp-content\/uploads\/2022\/05\/voici_etc.pdf\">Partition au format PDF<\/a><\/p>\n<hr>\n<h4 id=\"sanctus_c230\">Louange eucharistique C230 (sanctus)<\/h4>\n<p><a class=\"programme\" href=\"http:\/\/www.choeur-et-passions.fr\/wp-content\/uploads\/2022\/05\/Louange_eucharistique_C230.pdf\">Partition au format PDF<\/a><\/p>\n<hr>\n<h3 id=\"psaumecreation\">Psaume de la cr\u00e9ation<\/h3>\n<p><a class=\"programme\" href=\"http:\/\/www.choeur-et-passions.fr\/wp-content\/uploads\/2022\/05\/psaume_de_la_creation.pdf\">Partition au format PDF<\/a><\/p>\n<table class=\"pistes\">\n<thead>\n<tr>\n<td>midi<\/td>\n<td>mp3<\/td>\n<td>version<\/td>\n<\/tr>\n<\/thead>\n<tbody>\n<tr>\n<td><a href=\"http:\/\/www.choeur-et-passions.fr\/wp-content\/uploads\/2021\/01\/Psaume_de_la_creation_S.mid\">sopranes-midi <\/a><\/td>\n<td><a href=\"http:\/\/www.choeur-et-passions.fr\/wp-content\/uploads\/2021\/01\/Psaume_de_la_creation_S.mp3\">sopranes-mp3<\/a><\/td>\n<td>31 janvier 2021<\/td>\n<\/tr>\n<tr>\n<td><a href=\"http:\/\/www.choeur-et-passions.fr\/wp-content\/uploads\/2021\/01\/Psaume_de_la_creation_A.mid\">alti-midi <\/a><\/td>\n<td><a href=\"http:\/\/www.choeur-et-passions.fr\/wp-content\/uploads\/2021\/01\/Psaume_de_la_creation_A.mp3\">alti-mp3<\/a><\/td>\n<td>31 janvier 2021<\/td>\n<\/tr>\n<tr>\n<td><a href=\"http:\/\/www.choeur-et-passions.fr\/wp-content\/uploads\/2021\/01\/Psaume_de_la_creation_T.mid\">tenors-midi <\/a><\/td>\n<td><a href=\"http:\/\/www.choeur-et-passions.fr\/wp-content\/uploads\/2021\/01\/Psaume_de_la_creation_T.mp3\">tenors-mp3<\/a><\/td>\n<td>31 janvier 2021<\/td>\n<\/tr>\n<tr>\n<td><a href=\"http:\/\/www.choeur-et-passions.fr\/wp-content\/uploads\/2021\/01\/Psaume_de_la_creation_B.mid\">basses-midi <\/a><\/td>\n<td><a href=\"http:\/\/www.choeur-et-passions.fr\/wp-content\/uploads\/2021\/01\/Psaume_de_la_creation_B.mp3\">basses-mp3<\/a><\/td>\n<td>31 janvier 2021<\/td>\n<\/tr>\n<tr>\n<td><a href=\"http:\/\/www.choeur-et-passions.fr\/wp-content\/uploads\/2021\/01\/Psaume_de_la_creation_Tutti.mid\">tutti-midi <\/a><\/td>\n<td><a href=\"http:\/\/www.choeur-et-passions.fr\/wp-content\/uploads\/2021\/01\/Psaume_de_la_creation_Tutti.mp3\">tutti-mp3<\/a><\/td>\n<td>31 janvier 2021<\/td>\n<\/tr>\n<\/tbody>\n<\/table>\n<h4 id=\"alleluiaboyce\">Alleluia &#8211; Boyce<\/h4>\n<p><a class=\"programme\" href=\"http:\/\/www.choeur-et-passions.fr\/wp-content\/uploads\/2022\/05\/alleluia_boyce.pdf\">Partition au format PDF<\/a><\/p>\n<table class=\"pistes\">\n<thead>\n<tr>\n<td>midi<\/td>\n<td>mp3<\/td>\n<td>version<\/td>\n<\/tr>\n<\/thead>\n<tbody>\n<tr>\n<td><a href=\"http:\/\/www.choeur-et-passions.fr\/wp-content\/uploads\/2021\/01\/alleluia-Boyce_tutti.mid\">tutti-midi<\/a><\/td>\n<td><a href=\"http:\/\/www.choeur-et-passions.fr\/wp-content\/uploads\/2021\/01\/alleluia-Boyce_tutti.mp3\">tutti-mp3<\/a><\/td>\n<td>31 janvier 2021<\/td>\n<\/tr>\n<\/tbody>\n<\/table>\n<hr>\n<h3 id=\"blessthelord\">Bless the lord<\/h3>\n<p><a class=\"programme\" href=\"http:\/\/www.choeur-et-passions.fr\/wp-content\/uploads\/2022\/05\/bless_the_lord.pdf\">Partition au format PDF<\/a><\/p>\n<table class=\"pistes\">\n<thead>\n<tr>\n<td>midi<\/td>\n<td>mp3<\/td>\n<td>version<\/td>\n<\/tr>\n<\/thead>\n<tbody>\n<tr>\n<td><a href=\"http:\/\/www.choeur-et-passions.fr\/wp-content\/uploads\/2021\/01\/bless_S.mid\">sopranes-midi <\/a><\/td>\n<td><a href=\"http:\/\/www.choeur-et-passions.fr\/wp-content\/uploads\/2021\/01\/bless_S.mp3\">sopranes-mp3<\/a><\/td>\n<td>31 janvier 2021<\/td>\n<\/tr>\n<tr>\n<td><a href=\"http:\/\/www.choeur-et-passions.fr\/wp-content\/uploads\/2021\/01\/bless_A.mid\">alti-midi <\/a><\/td>\n<td><a href=\"http:\/\/www.choeur-et-passions.fr\/wp-content\/uploads\/2021\/01\/bless_A.mp3\">alti-mp3<\/a><\/td>\n<td>31 janvier 2021<\/td>\n<\/tr>\n<tr>\n<td><a href=\"http:\/\/www.choeur-et-passions.fr\/wp-content\/uploads\/2021\/01\/bless_T.mid\">tenors-midi <\/a><\/td>\n<td><a href=\"http:\/\/www.choeur-et-passions.fr\/wp-content\/uploads\/2021\/01\/bless_T.mp3\">tenors-mp3<\/a><\/td>\n<td>31 janvier 2021<\/td>\n<\/tr>\n<tr>\n<td><a href=\"http:\/\/www.choeur-et-passions.fr\/wp-content\/uploads\/2021\/01\/bless_B.mid\">basses-midi <\/a><\/td>\n<td><a href=\"http:\/\/www.choeur-et-passions.fr\/wp-content\/uploads\/2021\/01\/bless_B.mp3\">basses-mp3<\/a><\/td>\n<td>31 janvier 2021<\/td>\n<\/tr>\n<tr>\n<td><a href=\"http:\/\/www.choeur-et-passions.fr\/wp-content\/uploads\/2021\/01\/bless_tutti.mid\">tutti-midi <\/a><\/td>\n<td><a href=\"http:\/\/www.choeur-et-passions.fr\/wp-content\/uploads\/2021\/01\/bless_tutti.mp3\">tutti-mp3<\/a><\/td>\n<td>31 janvier 2021<\/td>\n<\/tr>\n<\/tbody>\n<\/table>\n<hr>\n<h3 id=\"notre_pere_RK\">Notre P\u00e8re &#8211; Rimski-Korsakov<\/h3>\n<p><a class=\"programme\" href=\"http:\/\/www.choeur-et-passions.fr\/wp-content\/uploads\/2022\/05\/notre_pere_rimsky-korsakov-D82.pdf\">Partitions au format PDF<\/a><\/p>\n<table class=\"pistes\">\n<thead>\n<tr>\n<td>midi<\/td>\n<td>mp3<\/td>\n<td>version<\/td>\n<\/tr>\n<\/thead>\n<tbody>\n<tr>\n<td><a href=\"http:\/\/www.choeur-et-passions.fr\/wp-content\/uploads\/2021\/02\/rimsky_korsakov_npere_S.mid\">sopranes-midi <\/a><\/td>\n<td><a href=\"http:\/\/www.choeur-et-passions.fr\/wp-content\/uploads\/2021\/02\/rimsky_korsakov_npere_S.mp3\">sopranes-mp3<\/a><\/td>\n<td>1er f\u00e9vrier 2021<\/td>\n<\/tr>\n<tr>\n<td><a href=\"http:\/\/www.choeur-et-passions.fr\/wp-content\/uploads\/2021\/02\/rimsky_korsakov_npere_A.mid\">alti-midi <\/a><\/td>\n<td><a href=\"http:\/\/www.choeur-et-passions.fr\/wp-content\/uploads\/2021\/02\/rimsky_korsakov_npere_A.mp3\">alti-mp3<\/a><\/td>\n<td>1er f\u00e9vrier 2021<\/td>\n<\/tr>\n<tr>\n<td><a href=\"http:\/\/www.choeur-et-passions.fr\/wp-content\/uploads\/2021\/02\/rimsky_korsakov_npere_T.mid\">tenors-midi <\/a><\/td>\n<td><a href=\"http:\/\/www.choeur-et-passions.fr\/wp-content\/uploads\/2021\/02\/rimsky_korsakov_npere_T.mp3\">tenors-mp3<\/a><\/td>\n<td>1er f\u00e9vrier 2021<\/td>\n<\/tr>\n<tr>\n<td><a href=\"http:\/\/www.choeur-et-passions.fr\/wp-content\/uploads\/2021\/02\/rimsky_korsakov_npere_B.mid\">basses-midi <\/a><\/td>\n<td><a href=\"http:\/\/www.choeur-et-passions.fr\/wp-content\/uploads\/2021\/02\/rimsky_korsakov_npere_B.mp3\">basses-mp3<\/a><\/td>\n<td>1er f\u00e9vrier 2021<\/td>\n<\/tr>\n<tr>\n<td><a href=\"http:\/\/www.choeur-et-passions.fr\/wp-content\/uploads\/2021\/02\/rimsky_korsakov_npere.mid\">tutti-midi <\/a><\/td>\n<td><a href=\"http:\/\/www.choeur-et-passions.fr\/wp-content\/uploads\/2021\/02\/rimsky_korsakov_npere.mp3\">tutti-mp3<\/a><\/td>\n<td>1er f\u00e9vrier 2021<\/td>\n<\/tr>\n<\/tbody>\n<\/table>\n<hr>\n<h3 id=\"chercher\">Chercher avec toi, Marie<\/h3>\n<p><a class=\"programme\" href=\"http:\/\/www.choeur-et-passions.fr\/wp-content\/uploads\/2022\/05\/chercher_avec_toi_Marie.pdf\">Partition au format PDF<\/a><\/p>\n<table class=\"pistes\">\n<thead>\n<tr>\n<td>midi<\/td>\n<td>mp3<\/td>\n<td>version<\/td>\n<\/tr>\n<\/thead>\n<tbody>\n<tr>\n<td><a href=\"http:\/\/www.choeur-et-passions.fr\/wp-content\/uploads\/2021\/02\/chercher_S.mid\">sopranes-midi <\/a><\/td>\n<td><a href=\"http:\/\/www.choeur-et-passions.fr\/wp-content\/uploads\/2021\/02\/chercher_S.mp3\">sopranes-mp3<\/a><\/td>\n<td>1er f\u00e9vrier 2021<\/td>\n<\/tr>\n<tr>\n<td><a href=\"http:\/\/www.choeur-et-passions.fr\/wp-content\/uploads\/2021\/02\/chercher_A-1.mid\">alti-midi <\/a><\/td>\n<td><a href=\"http:\/\/www.choeur-et-passions.fr\/wp-content\/uploads\/2021\/02\/chercher_A-1.mp3\">alti-mp3<\/a><\/td>\n<td>2 f\u00e9vrier 2021<\/td>\n<\/tr>\n<tr>\n<td><a href=\"http:\/\/www.choeur-et-passions.fr\/wp-content\/uploads\/2021\/02\/chercher_T.mid\">tenors-midi <\/a><\/td>\n<td><a href=\"http:\/\/www.choeur-et-passions.fr\/wp-content\/uploads\/2021\/02\/chercher_T.mp3\">tenors-mp3<\/a><\/td>\n<td>1er f\u00e9vrier 2021<\/td>\n<\/tr>\n<tr>\n<td><a href=\"http:\/\/www.choeur-et-passions.fr\/wp-content\/uploads\/2021\/02\/chercher_B.mid\">basses-midi <\/a><\/td>\n<td><a href=\"http:\/\/www.choeur-et-passions.fr\/wp-content\/uploads\/2021\/02\/chercher_B.mp3\">basses-mp3<\/a><\/td>\n<td>1er f\u00e9vrier 2021<\/td>\n<\/tr>\n<tr>\n<td><a href=\"http:\/\/www.choeur-et-passions.fr\/wp-content\/uploads\/2021\/02\/chercher_Tutti-1.mid\">tutti-midi <\/a><\/td>\n<td><a href=\"http:\/\/www.choeur-et-passions.fr\/wp-content\/uploads\/2021\/02\/chercher_Tutti-1.mp3\">tutti-mp3<\/a><\/td>\n<td>2 f\u00e9vrier 2021<\/td>\n<\/tr>\n<\/tbody>\n<\/table>\n<hr>\n<h3 id=\"evenou_shalom\">Evenou Shalom &#8211; La paix de Dieu soit avec nous<\/h3>\n<p><a class=\"programme\" href=\"http:\/\/www.choeur-et-passions.fr\/wp-content\/uploads\/2022\/05\/evenou_shalom.pdf\">Partition au format PDF<\/a><\/p>\n<table class=\"pistes\">\n<thead>\n<tr>\n<td>midi<\/td>\n<td>mp3<\/td>\n<td>version<\/td>\n<\/tr>\n<\/thead>\n<tbody>\n<tr>\n<td><a href=\"http:\/\/www.choeur-et-passions.fr\/wp-content\/uploads\/2022\/05\/evenou_shalom-1.midi\">sopranes-midi <\/a><\/td>\n<td><a href=\"http:\/\/www.choeur-et-passions.fr\/wp-content\/uploads\/2022\/05\/evenou_shalom-1.mp3\">sopranes-mp3<\/a><\/td>\n<td>15 mai 2022<\/td>\n<\/tr>\n<tr>\n<td><a href=\"http:\/\/www.choeur-et-passions.fr\/wp-content\/uploads\/2022\/05\/evenou_shalom-2.midi\">alti-midi <\/a><\/td>\n<td><a href=\"http:\/\/www.choeur-et-passions.fr\/wp-content\/uploads\/2022\/05\/evenou_shalom-2.mp3\">alti-mp3<\/a><\/td>\n<td>15 mai 2022<\/td>\n<\/tr>\n<tr>\n<td><a href=\"http:\/\/www.choeur-et-passions.fr\/wp-content\/uploads\/2022\/05\/evenou_shalom-3.midi\">tenors-midi <\/a><\/td>\n<td><a href=\"http:\/\/www.choeur-et-passions.fr\/wp-content\/uploads\/2022\/05\/evenou_shalom-3.mp3\">tenors-mp3<\/a><\/td>\n<td>15 mai 2022<\/td>\n<\/tr>\n<tr>\n<td><a href=\"http:\/\/www.choeur-et-passions.fr\/wp-content\/uploads\/2022\/05\/evenou_shalom-4.midi\">basses-midi <\/a><\/td>\n<td><a href=\"http:\/\/www.choeur-et-passions.fr\/wp-content\/uploads\/2022\/05\/evenou_shalom-4.mp3\">basses-mp3<\/a><\/td>\n<td>15 mai 2022<\/td>\n<\/tr>\n<tr>\n<td><a href=\"http:\/\/www.choeur-et-passions.fr\/wp-content\/uploads\/2022\/05\/evenou_shalom.midi\">tutti-midi <\/a><\/td>\n<td><a href=\"http:\/\/www.choeur-et-passions.fr\/wp-content\/uploads\/2022\/05\/evenou_shalom.mp3\">tutti-mp3<\/a><\/td>\n<td>15 mai 2022<\/td>\n<\/tr>\n<\/tbody>\n<\/table>\n<hr>\n<h4 id=\"magnificat_berthier\">Magnificat de Berthier<\/h4>\n<p><a class=\"programme\" href=\"http:\/\/www.choeur-et-passions.fr\/wp-content\/uploads\/2022\/05\/MAGNIFICAT_BERTHIER.pdf\">Partition au format PDF<\/a><\/p>\n<hr>\n<h3 id=\"laudate\">Laudate Dominum<\/h3>\n<p><a class=\"programme\" href=\"http:\/\/www.choeur-et-passions.fr\/wp-content\/uploads\/2022\/05\/LAUDATE-DOMINUM-Taize-.pdf\">Partition au format PDF<\/a><br \/>\n<strong>Refrain<\/strong><\/p>\n<table class=\"pistes\">\n<thead>\n<tr>\n<td>midi<\/td>\n<td>mp3<\/td>\n<td>version<\/td>\n<\/tr>\n<\/thead>\n<tbody>\n<tr>\n<td><a href=\"http:\/\/www.choeur-et-passions.fr\/wp-content\/uploads\/2022\/06\/laudate_dominum-1.midi\">sopranes-midi <\/a><\/td>\n<td><a href=\"http:\/\/www.choeur-et-passions.fr\/wp-content\/uploads\/2022\/06\/laudate_dominum-1.mp3\">sopranes-mp3<\/a><\/td>\n<td>19 juin 2022<\/td>\n<\/tr>\n<tr>\n<td><a href=\"http:\/\/www.choeur-et-passions.fr\/wp-content\/uploads\/2022\/06\/laudate_dominum-2.midi\">alti-midi <\/a><\/td>\n<td><a href=\"http:\/\/www.choeur-et-passions.fr\/wp-content\/uploads\/2022\/06\/laudate_dominum-2.mp3\">alti-mp3<\/a><\/td>\n<td>19 juin 2022<\/td>\n<\/tr>\n<tr>\n<td><a href=\"http:\/\/www.choeur-et-passions.fr\/wp-content\/uploads\/2022\/06\/laudate_dominum-3.midi\">tenors-midi <\/a><\/td>\n<td><a href=\"http:\/\/www.choeur-et-passions.fr\/wp-content\/uploads\/2022\/06\/laudate_dominum-3.mp3\">tenors-mp3<\/a><\/td>\n<td>19 juin 2022<\/td>\n<\/tr>\n<tr>\n<td><a href=\"http:\/\/www.choeur-et-passions.fr\/wp-content\/uploads\/2022\/06\/laudate_dominum-4.midi\">basses-midi <\/a><\/td>\n<td><a href=\"http:\/\/www.choeur-et-passions.fr\/wp-content\/uploads\/2022\/06\/laudate_dominum-4.mp3\">basses-mp3<\/a><\/td>\n<td>19 juin 2022<\/td>\n<\/tr>\n<tr>\n<td><a href=\"http:\/\/www.choeur-et-passions.fr\/wp-content\/uploads\/2022\/06\/laudate_dominum.midi\">tutti-midi <\/a><\/td>\n<td><a href=\"http:\/\/www.choeur-et-passions.fr\/wp-content\/uploads\/2022\/06\/laudate_dominum.mp3\">tutti-mp3<\/a><\/td>\n<td>19 juin 2022<\/td>\n<\/tr>\n<\/tbody>\n<\/table>\n<p><strong>Versets (unison)<\/strong><\/p>\n<table class=\"pistes\">\n<thead>\n<tr>\n<td>midi<\/td>\n<td>mp3<\/td>\n<td>version<\/td>\n<\/tr>\n<\/thead>\n<tbody>\n<tr>\n<td><a href=\"http:\/\/www.choeur-et-passions.fr\/wp-content\/uploads\/2022\/06\/verset2.midi\">verset2-midi <\/a><\/td>\n<td><a href=\"http:\/\/www.choeur-et-passions.fr\/wp-content\/uploads\/2022\/06\/verset2.mp3\">verset2-mp3<\/a><\/td>\n<td>19 juin 2022<\/td>\n<\/tr>\n<tr>\n<td><a href=\"http:\/\/www.choeur-et-passions.fr\/wp-content\/uploads\/2022\/06\/verset3.midi\">verset3-midi <\/a><\/td>\n<td><a href=\"http:\/\/www.choeur-et-passions.fr\/wp-content\/uploads\/2022\/06\/verset3.mp3\">verset3-mp3<\/a><\/td>\n<td>19 juin 2022<\/td>\n<\/tr>\n<\/tbody>\n<\/table>\n<hr>\n<h3 id=\"messe-dpd-dieu\">Messe du peuple de Dieu<\/h3>\n<h4>Kyrie<\/h4>\n<table class=\"pistes\">\n<thead>\n<tr>\n<td>midi<\/td>\n<td>mp3<\/td>\n<td>version<\/td>\n<\/tr>\n<\/thead>\n<tbody>\n<tr>\n<td><a href=\"http:\/\/www.choeur-et-passions.fr\/wp-content\/uploads\/2022\/11\/messe-dpd-dieu-kyrie-1.midi\">sopranes-midi <\/a><\/td>\n<td><a href=\"http:\/\/www.choeur-et-passions.fr\/wp-content\/uploads\/2022\/11\/messe-dpd-dieu-kyrie-1.mp3\">sopranes-mp3<\/a><\/td>\n<td>6 novembre 2022<\/td>\n<\/tr>\n<tr>\n<td><a href=\"http:\/\/www.choeur-et-passions.fr\/wp-content\/uploads\/2022\/11\/messe-dpd-dieu-kyrie-2.midi\">alti-midi <\/a><\/td>\n<td><a href=\"http:\/\/www.choeur-et-passions.fr\/wp-content\/uploads\/2022\/11\/messe-dpd-dieu-kyrie-2.mp3\">alti-mp3<\/a><\/td>\n<td>6 novembre 2022<\/td>\n<\/tr>\n<tr>\n<td><a href=\"http:\/\/www.choeur-et-passions.fr\/wp-content\/uploads\/2022\/11\/messe-dpd-dieu-kyrie-3.midi\">tenors-midi <\/a><\/td>\n<td><a href=\"http:\/\/www.choeur-et-passions.fr\/wp-content\/uploads\/2022\/11\/messe-dpd-dieu-kyrie-3.mp3\">tenors-mp3<\/a><\/td>\n<td>6 novembre 2022<\/td>\n<\/tr>\n<tr>\n<td><a href=\"http:\/\/www.choeur-et-passions.fr\/wp-content\/uploads\/2022\/11\/messe-dpd-dieu-kyrie-4.midi\">basses-midi <\/a><\/td>\n<td><a href=\"http:\/\/www.choeur-et-passions.fr\/wp-content\/uploads\/2022\/11\/messe-dpd-dieu-kyrie-4.mp3\">basses-mp3<\/a><\/td>\n<td>6 novembre 2022<\/td>\n<\/tr>\n<tr>\n<td><a href=\"http:\/\/www.choeur-et-passions.fr\/wp-content\/uploads\/2022\/11\/messe-dpd-dieu-kyrie.midi\">tutti-midi <\/a><\/td>\n<td><a href=\"http:\/\/www.choeur-et-passions.fr\/wp-content\/uploads\/2022\/11\/messe-dpd-dieu-kyrie.mp3\">tutti-mp3<\/a><\/td>\n<td>6 novembre 2022<\/td>\n<\/tr>\n<\/tbody>\n<\/table>\n<h4>Gloria<\/h4>\n<p><em>Premier syst\u00e8me (4 mesures) \u00e0 4 voix, puis \u00e0 l&rsquo;unisson premi\u00e8re voix jusqu&rsquo;\u00e0 la derni\u00e8re mesure.<\/em><br \/>\n<em>On reprend \u00e0 4 voix apr\u00e8s la respiration de la derni\u00e8re mesure (2 derni\u00e8res notes)<\/em><\/p>\n<table class=\"pistes\">\n<thead>\n<tr>\n<td>midi<\/td>\n<td>mp3<\/td>\n<td>version<\/td>\n<\/tr>\n<\/thead>\n<tbody>\n<tr>\n<td><a href=\"http:\/\/www.choeur-et-passions.fr\/wp-content\/uploads\/2022\/11\/messe-dpd-dieu-gloria-1-1.midi\">sopranes-midi <\/a><\/td>\n<td><a href=\"http:\/\/www.choeur-et-passions.fr\/wp-content\/uploads\/2022\/11\/messe-dpd-dieu-gloria-1-1.mp3\">sopranes-mp3<\/a><\/td>\n<td>8 novembre 2022<\/td>\n<\/tr>\n<tr>\n<td><a href=\"http:\/\/www.choeur-et-passions.fr\/wp-content\/uploads\/2022\/11\/messe-dpd-dieu-gloria-2-1.midi\">alti-midi <\/a><\/td>\n<td><a href=\"http:\/\/www.choeur-et-passions.fr\/wp-content\/uploads\/2022\/11\/messe-dpd-dieu-gloria-2-1.mp3\">alti-mp3<\/a><\/td>\n<td>8 novembre 2022<\/td>\n<\/tr>\n<tr>\n<td><a href=\"http:\/\/www.choeur-et-passions.fr\/wp-content\/uploads\/2022\/11\/messe-dpd-dieu-gloria-3-1.midi\">tenors-midi <\/a><\/td>\n<td><a href=\"http:\/\/www.choeur-et-passions.fr\/wp-content\/uploads\/2022\/11\/messe-dpd-dieu-gloria-3-1.mp3\">tenors-mp3<\/a><\/td>\n<td>8 novembre 2022<\/td>\n<\/tr>\n<tr>\n<td><a href=\"http:\/\/www.choeur-et-passions.fr\/wp-content\/uploads\/2022\/11\/messe-dpd-dieu-gloria-4-1.midi\">basses-midi <\/a><\/td>\n<td><a href=\"http:\/\/www.choeur-et-passions.fr\/wp-content\/uploads\/2022\/11\/messe-dpd-dieu-gloria-4-1.mp3\">basses-mp3<\/a><\/td>\n<td>8 novembre 2022<\/td>\n<\/tr>\n<tr>\n<td><a href=\"http:\/\/www.choeur-et-passions.fr\/wp-content\/uploads\/2022\/11\/messe-dpd-dieu-gloria-5.midi\">tutti-midi <\/a><\/td>\n<td><a href=\"http:\/\/www.choeur-et-passions.fr\/wp-content\/uploads\/2022\/11\/messe-dpd-dieu-gloria-5.mp3\">tutti-mp3<\/a><\/td>\n<td>8 novembre 2022<\/td>\n<\/tr>\n<\/tbody>\n<\/table>\n<h4>Sanctus<\/h4>\n<table class=\"pistes\">\n<thead>\n<tr>\n<td>midi<\/td>\n<td>mp3<\/td>\n<td>version<\/td>\n<\/tr>\n<\/thead>\n<tbody>\n<tr>\n<td><a href=\"http:\/\/www.choeur-et-passions.fr\/wp-content\/uploads\/2022\/11\/messe-dpd-dieu-sanctus-1.midi\">sopranes-midi <\/a><\/td>\n<td><a href=\"http:\/\/www.choeur-et-passions.fr\/wp-content\/uploads\/2022\/11\/messe-dpd-dieu-sanctus-1.mp3\">sopranes-mp3<\/a><\/td>\n<td>6 novembre 2022<\/td>\n<\/tr>\n<tr>\n<td><a href=\"http:\/\/www.choeur-et-passions.fr\/wp-content\/uploads\/2022\/11\/messe-dpd-dieu-sanctus-2.midi\">alti-midi <\/a><\/td>\n<td><a href=\"http:\/\/www.choeur-et-passions.fr\/wp-content\/uploads\/2022\/11\/messe-dpd-dieu-sanctus-2.mp3\">alti-mp3<\/a><\/td>\n<td>6 novembre 2022<\/td>\n<\/tr>\n<tr>\n<td><a href=\"http:\/\/www.choeur-et-passions.fr\/wp-content\/uploads\/2022\/11\/messe-dpd-dieu-sanctus-3.midi\">tenors-midi <\/a><\/td>\n<td><a href=\"http:\/\/www.choeur-et-passions.fr\/wp-content\/uploads\/2022\/11\/messe-dpd-dieu-sanctus-3.mp3\">tenors-mp3<\/a><\/td>\n<td>6 novembre 2022<\/td>\n<\/tr>\n<tr>\n<td><a href=\"http:\/\/www.choeur-et-passions.fr\/wp-content\/uploads\/2022\/11\/messe-dpd-dieu-sanctus-4.midi\">basses-midi <\/a><\/td>\n<td><a href=\"http:\/\/www.choeur-et-passions.fr\/wp-content\/uploads\/2022\/11\/messe-dpd-dieu-sanctus-4.mp3\">basses-mp3<\/a><\/td>\n<td>6 novembre 2022<\/td>\n<\/tr>\n<tr>\n<td><a href=\"http:\/\/www.choeur-et-passions.fr\/wp-content\/uploads\/2022\/11\/messe-dpd-dieu-sanctus.midi\">tutti-midi <\/a><\/td>\n<td><a href=\"http:\/\/www.choeur-et-passions.fr\/wp-content\/uploads\/2022\/11\/messe-dpd-dieu-sanctus.mp3\">tutti-mp3<\/a><\/td>\n<td>6 novembre 2022<\/td>\n<\/tr>\n<\/tbody>\n<\/table>\n<h4>Anamn\u00e8se<\/h4>\n<table class=\"pistes\">\n<thead>\n<tr>\n<td>midi<\/td>\n<td>mp3<\/td>\n<td>version<\/td>\n<\/tr>\n<\/thead>\n<tbody>\n<tr>\n<td><a href=\"http:\/\/www.choeur-et-passions.fr\/wp-content\/uploads\/2022\/11\/messe-dpd-dieu-anamnese-1.midi\">sopranes-midi <\/a><\/td>\n<td><a href=\"http:\/\/www.choeur-et-passions.fr\/wp-content\/uploads\/2022\/11\/messe-dpd-dieu-anamnese-1.mp3\">sopranes-mp3<\/a><\/td>\n<td>6 novembre 2022<\/td>\n<\/tr>\n<tr>\n<td><a href=\"http:\/\/www.choeur-et-passions.fr\/wp-content\/uploads\/2022\/11\/messe-dpd-dieu-anamnese-2.midi\">alti-midi <\/a><\/td>\n<td><a href=\"http:\/\/www.choeur-et-passions.fr\/wp-content\/uploads\/2022\/11\/messe-dpd-dieu-anamnese-2.mp3\">alti-mp3<\/a><\/td>\n<td>6 novembre 2022<\/td>\n<\/tr>\n<tr>\n<td><a href=\"http:\/\/www.choeur-et-passions.fr\/wp-content\/uploads\/2022\/11\/messe-dpd-dieu-anamnese-3.midi\">tenors-midi <\/a><\/td>\n<td><a href=\"http:\/\/www.choeur-et-passions.fr\/wp-content\/uploads\/2022\/11\/messe-dpd-dieu-anamnese-3.mp3\">tenors-mp3<\/a><\/td>\n<td>6 novembre 2022<\/td>\n<\/tr>\n<tr>\n<td><a href=\"http:\/\/www.choeur-et-passions.fr\/wp-content\/uploads\/2022\/11\/messe-dpd-dieu-anamnese-4.midi\">basses-midi <\/a><\/td>\n<td><a href=\"http:\/\/www.choeur-et-passions.fr\/wp-content\/uploads\/2022\/11\/messe-dpd-dieu-anamnese-4.mp3\">basses-mp3<\/a><\/td>\n<td>6 novembre 2022<\/td>\n<\/tr>\n<tr>\n<td><a href=\"http:\/\/www.choeur-et-passions.fr\/wp-content\/uploads\/2022\/11\/messe-dpd-dieu-anamnese.midi\">tutti-midi <\/a><\/td>\n<td><a href=\"http:\/\/www.choeur-et-passions.fr\/wp-content\/uploads\/2022\/11\/messe-dpd-dieu-anamnese.mp3\">tutti-mp3<\/a><\/td>\n<td>6 novembre 2022<\/td>\n<\/tr>\n<\/tbody>\n<\/table>\n<h4>Agnus<\/h4>\n<table class=\"pistes\">\n<thead>\n<tr>\n<td>midi<\/td>\n<td>mp3<\/td>\n<td>version<\/td>\n<\/tr>\n<\/thead>\n<tbody>\n<tr>\n<td><a href=\"http:\/\/www.choeur-et-passions.fr\/wp-content\/uploads\/2022\/11\/messe-dpd-dieu-agnus-1.midi\">sopranes-midi <\/a><\/td>\n<td><a href=\"http:\/\/www.choeur-et-passions.fr\/wp-content\/uploads\/2022\/11\/messe-dpd-dieu-agnus-1.mp3\">sopranes-mp3<\/a><\/td>\n<td>6 novembre 2022<\/td>\n<\/tr>\n<tr>\n<td><a href=\"http:\/\/www.choeur-et-passions.fr\/wp-content\/uploads\/2022\/11\/messe-dpd-dieu-agnus-2.midi\">alti-midi <\/a><\/td>\n<td><a href=\"http:\/\/www.choeur-et-passions.fr\/wp-content\/uploads\/2022\/11\/messe-dpd-dieu-agnus-2.mp3\">alti-mp3<\/a><\/td>\n<td>6 novembre 2022<\/td>\n<\/tr>\n<tr>\n<td><a href=\"http:\/\/www.choeur-et-passions.fr\/wp-content\/uploads\/2022\/11\/messe-dpd-dieu-agnus-3.midi\">tenors-midi <\/a><\/td>\n<td><a href=\"http:\/\/www.choeur-et-passions.fr\/wp-content\/uploads\/2022\/11\/messe-dpd-dieu-agnus-3.mp3\">tenors-mp3<\/a><\/td>\n<td>6 novembre 2022<\/td>\n<\/tr>\n<tr>\n<td><a href=\"http:\/\/www.choeur-et-passions.fr\/wp-content\/uploads\/2022\/11\/messe-dpd-dieu-agnus-4.midi\">basses-midi <\/a><\/td>\n<td><a href=\"http:\/\/www.choeur-et-passions.fr\/wp-content\/uploads\/2022\/11\/messe-dpd-dieu-agnus-4.mp3\">basses-mp3<\/a><\/td>\n<td>6 novembre 2022<\/td>\n<\/tr>\n<tr>\n<td><a href=\"http:\/\/www.choeur-et-passions.fr\/wp-content\/uploads\/2022\/11\/messe-dpd-dieu-agnus.midi\">tutti-midi <\/a><\/td>\n<td><a href=\"http:\/\/www.choeur-et-passions.fr\/wp-content\/uploads\/2022\/11\/messe-dpd-dieu-agnus.mp3\">tutti-mp3<\/a><\/td>\n<td>6 novembre 2022<\/td>\n<\/tr>\n<\/tbody>\n<\/table>\n<hr>\n<h4 id=\"alleluia_psaume117\">Alleluia &#8211; Psaume 117<\/h4>\n<p><a class=\"programme\" href=\"http:\/\/www.choeur-et-passions.fr\/wp-content\/uploads\/2022\/05\/ALLELUIA-117.pdf\">Partition au format PDF<\/a><\/p>\n<hr>\n<h4 id=\"credoIII\">Credo III<\/h4>\n<p><em>Chant\u00e9 uniquement par les hommes.<\/em><\/p>\n<p><a class=\"programme\" href=\"http:\/\/www.choeur-et-passions.fr\/wp-content\/uploads\/2022\/05\/CREDO_III.pdf\">Partition au format PDF<\/a><br \/>\n<a class=\"programme\" href=\"https:\/\/www.youtube.com\/watch?v=x4uTMzk-7XI\">Lien vers YouTube<\/a><\/p>\n","protected":false},"excerpt":{"rendered":"<p>Messe de Sainte C\u00e9cile &#8211; 20 novembre 2022 Le programme au format PDF (mis \u00e0 jour le 8 novembre) Pistes : Fais para\u00eetre ton jour Messe du peuple de Dieu Le Seigneur est Roi Alleluia de Boyce Toi qui aimes L\u2019hymne des Ch\u00e9rubins Chercher avec toi, Marie Jubilez, criez de joie Hymne des ch\u00e9rubins mp3 [&hellip;]<\/p>\n","protected":false},"author":1,"featured_media":0,"parent":0,"menu_order":0,"comment_status":"closed","ping_status":"closed","template":"","meta":{"ngg_post_thumbnail":0,"footnotes":""},"class_list":["post-3053","page","type-page","status-publish","hentry"],"yoast_head":"<!-- This site is optimized with the Yoast SEO plugin v27.4 - https:\/\/yoast.com\/product\/yoast-seo-wordpress\/ -->\n<title>Chants de Messe - Choeur &amp; Passions<\/title>\n<meta name=\"robots\" content=\"noindex, nofollow\" \/>\n<meta property=\"og:locale\" content=\"fr_FR\" \/>\n<meta property=\"og:type\" content=\"article\" \/>\n<meta property=\"og:title\" content=\"Chants de Messe - Choeur &amp; Passions\" \/>\n<meta property=\"og:description\" content=\"Messe de Sainte C\u00e9cile &#8211; 20 novembre 2022 Le programme au format PDF (mis \u00e0 jour le 8 novembre) Pistes : Fais para\u00eetre ton jour Messe du peuple de Dieu Le Seigneur est Roi Alleluia de Boyce Toi qui aimes L\u2019hymne des Ch\u00e9rubins Chercher avec toi, Marie Jubilez, criez de joie Hymne des ch\u00e9rubins mp3 [&hellip;]\" \/>\n<meta property=\"og:url\" content=\"https:\/\/www.choeur-et-passions.fr\/index.php\/chants-de-messe\/\" \/>\n<meta property=\"og:site_name\" content=\"Choeur &amp; Passions\" \/>\n<meta property=\"article:modified_time\" content=\"2024-08-29T16:31:45+00:00\" \/>\n<meta name=\"twitter:card\" content=\"summary_large_image\" \/>\n<meta name=\"twitter:label1\" content=\"Dur\u00e9e de lecture estim\u00e9e\" \/>\n\t<meta name=\"twitter:data1\" content=\"4 minutes\" \/>\n<script type=\"application\/ld+json\" class=\"yoast-schema-graph\">{\"@context\":\"https:\\\/\\\/schema.org\",\"@graph\":[{\"@type\":\"WebPage\",\"@id\":\"https:\\\/\\\/www.choeur-et-passions.fr\\\/index.php\\\/chants-de-messe\\\/\",\"url\":\"https:\\\/\\\/www.choeur-et-passions.fr\\\/index.php\\\/chants-de-messe\\\/\",\"name\":\"Chants de Messe - Choeur &amp; Passions\",\"isPartOf\":{\"@id\":\"https:\\\/\\\/www.choeur-et-passions.fr\\\/#website\"},\"datePublished\":\"2022-05-19T19:55:05+00:00\",\"dateModified\":\"2024-08-29T16:31:45+00:00\",\"breadcrumb\":{\"@id\":\"https:\\\/\\\/www.choeur-et-passions.fr\\\/index.php\\\/chants-de-messe\\\/#breadcrumb\"},\"inLanguage\":\"fr-FR\",\"potentialAction\":[{\"@type\":\"ReadAction\",\"target\":[\"https:\\\/\\\/www.choeur-et-passions.fr\\\/index.php\\\/chants-de-messe\\\/\"]}]},{\"@type\":\"BreadcrumbList\",\"@id\":\"https:\\\/\\\/www.choeur-et-passions.fr\\\/index.php\\\/chants-de-messe\\\/#breadcrumb\",\"itemListElement\":[{\"@type\":\"ListItem\",\"position\":1,\"name\":\"Accueil\",\"item\":\"https:\\\/\\\/www.choeur-et-passions.fr\\\/\"},{\"@type\":\"ListItem\",\"position\":2,\"name\":\"Chants de Messe\"}]},{\"@type\":\"WebSite\",\"@id\":\"https:\\\/\\\/www.choeur-et-passions.fr\\\/#website\",\"url\":\"https:\\\/\\\/www.choeur-et-passions.fr\\\/\",\"name\":\"Choeur & Passions\",\"description\":\"\",\"publisher\":{\"@id\":\"https:\\\/\\\/www.choeur-et-passions.fr\\\/#organization\"},\"potentialAction\":[{\"@type\":\"SearchAction\",\"target\":{\"@type\":\"EntryPoint\",\"urlTemplate\":\"https:\\\/\\\/www.choeur-et-passions.fr\\\/?s={search_term_string}\"},\"query-input\":{\"@type\":\"PropertyValueSpecification\",\"valueRequired\":true,\"valueName\":\"search_term_string\"}}],\"inLanguage\":\"fr-FR\"},{\"@type\":\"Organization\",\"@id\":\"https:\\\/\\\/www.choeur-et-passions.fr\\\/#organization\",\"name\":\"Choeur & Passions\",\"url\":\"https:\\\/\\\/www.choeur-et-passions.fr\\\/\",\"logo\":{\"@type\":\"ImageObject\",\"inLanguage\":\"fr-FR\",\"@id\":\"https:\\\/\\\/www.choeur-et-passions.fr\\\/#\\\/schema\\\/logo\\\/image\\\/\",\"url\":\"https:\\\/\\\/www.choeur-et-passions.fr\\\/wp-content\\\/uploads\\\/2024\\\/04\\\/logo-cep.gif\",\"contentUrl\":\"https:\\\/\\\/www.choeur-et-passions.fr\\\/wp-content\\\/uploads\\\/2024\\\/04\\\/logo-cep.gif\",\"width\":1970,\"height\":500,\"caption\":\"Choeur & Passions\"},\"image\":{\"@id\":\"https:\\\/\\\/www.choeur-et-passions.fr\\\/#\\\/schema\\\/logo\\\/image\\\/\"}}]}<\/script>\n<!-- \/ Yoast SEO plugin. -->","yoast_head_json":{"title":"Chants de Messe - Choeur &amp; Passions","robots":{"index":"noindex","follow":"nofollow"},"og_locale":"fr_FR","og_type":"article","og_title":"Chants de Messe - Choeur &amp; Passions","og_description":"Messe de Sainte C\u00e9cile &#8211; 20 novembre 2022 Le programme au format PDF (mis \u00e0 jour le 8 novembre) Pistes : Fais para\u00eetre ton jour Messe du peuple de Dieu Le Seigneur est Roi Alleluia de Boyce Toi qui aimes L\u2019hymne des Ch\u00e9rubins Chercher avec toi, Marie Jubilez, criez de joie Hymne des ch\u00e9rubins mp3 [&hellip;]","og_url":"https:\/\/www.choeur-et-passions.fr\/index.php\/chants-de-messe\/","og_site_name":"Choeur &amp; Passions","article_modified_time":"2024-08-29T16:31:45+00:00","twitter_card":"summary_large_image","twitter_misc":{"Dur\u00e9e de lecture estim\u00e9e":"4 minutes"},"schema":{"@context":"https:\/\/schema.org","@graph":[{"@type":"WebPage","@id":"https:\/\/www.choeur-et-passions.fr\/index.php\/chants-de-messe\/","url":"https:\/\/www.choeur-et-passions.fr\/index.php\/chants-de-messe\/","name":"Chants de Messe - Choeur &amp; Passions","isPartOf":{"@id":"https:\/\/www.choeur-et-passions.fr\/#website"},"datePublished":"2022-05-19T19:55:05+00:00","dateModified":"2024-08-29T16:31:45+00:00","breadcrumb":{"@id":"https:\/\/www.choeur-et-passions.fr\/index.php\/chants-de-messe\/#breadcrumb"},"inLanguage":"fr-FR","potentialAction":[{"@type":"ReadAction","target":["https:\/\/www.choeur-et-passions.fr\/index.php\/chants-de-messe\/"]}]},{"@type":"BreadcrumbList","@id":"https:\/\/www.choeur-et-passions.fr\/index.php\/chants-de-messe\/#breadcrumb","itemListElement":[{"@type":"ListItem","position":1,"name":"Accueil","item":"https:\/\/www.choeur-et-passions.fr\/"},{"@type":"ListItem","position":2,"name":"Chants de Messe"}]},{"@type":"WebSite","@id":"https:\/\/www.choeur-et-passions.fr\/#website","url":"https:\/\/www.choeur-et-passions.fr\/","name":"Choeur & Passions","description":"","publisher":{"@id":"https:\/\/www.choeur-et-passions.fr\/#organization"},"potentialAction":[{"@type":"SearchAction","target":{"@type":"EntryPoint","urlTemplate":"https:\/\/www.choeur-et-passions.fr\/?s={search_term_string}"},"query-input":{"@type":"PropertyValueSpecification","valueRequired":true,"valueName":"search_term_string"}}],"inLanguage":"fr-FR"},{"@type":"Organization","@id":"https:\/\/www.choeur-et-passions.fr\/#organization","name":"Choeur & Passions","url":"https:\/\/www.choeur-et-passions.fr\/","logo":{"@type":"ImageObject","inLanguage":"fr-FR","@id":"https:\/\/www.choeur-et-passions.fr\/#\/schema\/logo\/image\/","url":"https:\/\/www.choeur-et-passions.fr\/wp-content\/uploads\/2024\/04\/logo-cep.gif","contentUrl":"https:\/\/www.choeur-et-passions.fr\/wp-content\/uploads\/2024\/04\/logo-cep.gif","width":1970,"height":500,"caption":"Choeur & Passions"},"image":{"@id":"https:\/\/www.choeur-et-passions.fr\/#\/schema\/logo\/image\/"}}]}},"_links":{"self":[{"href":"https:\/\/www.choeur-et-passions.fr\/index.php\/wp-json\/wp\/v2\/pages\/3053","targetHints":{"allow":["GET"]}}],"collection":[{"href":"https:\/\/www.choeur-et-passions.fr\/index.php\/wp-json\/wp\/v2\/pages"}],"about":[{"href":"https:\/\/www.choeur-et-passions.fr\/index.php\/wp-json\/wp\/v2\/types\/page"}],"author":[{"embeddable":true,"href":"https:\/\/www.choeur-et-passions.fr\/index.php\/wp-json\/wp\/v2\/users\/1"}],"replies":[{"embeddable":true,"href":"https:\/\/www.choeur-et-passions.fr\/index.php\/wp-json\/wp\/v2\/comments?post=3053"}],"version-history":[{"count":77,"href":"https:\/\/www.choeur-et-passions.fr\/index.php\/wp-json\/wp\/v2\/pages\/3053\/revisions"}],"predecessor-version":[{"id":3417,"href":"https:\/\/www.choeur-et-passions.fr\/index.php\/wp-json\/wp\/v2\/pages\/3053\/revisions\/3417"}],"wp:attachment":[{"href":"https:\/\/www.choeur-et-passions.fr\/index.php\/wp-json\/wp\/v2\/media?parent=3053"}],"curies":[{"name":"wp","href":"https:\/\/api.w.org\/{rel}","templated":true}]}}